{"id":437,"date":"2021-05-16T11:38:31","date_gmt":"2021-05-16T09:38:31","guid":{"rendered":"https:\/\/www.provenceaucoeur-apparthotel.com\/?page_id=437"},"modified":"2025-06-25T12:30:41","modified_gmt":"2025-06-25T10:30:41","slug":"services","status":"publish","type":"page","link":"https:\/\/www.provenceaucoeur-apparthotel.com\/index.php\/services\/","title":{"rendered":"Services"},"content":{"rendered":"<p>[et_pb_section fb_built=\u00a0\u00bb1&Prime; fullwidth=\u00a0\u00bbon\u00a0\u00bb module_id=\u00a0\u00bbpac-home-slider-section\u00a0\u00bb _builder_version=\u00a0\u00bb4.16&Prime; _module_preset=\u00a0\u00bbdefault\u00a0\u00bb global_colors_info=\u00a0\u00bb{}\u00a0\u00bb][et_pb_fullwidth_slider show_arrows=\u00a0\u00bboff\u00a0\u00bb show_pagination=\u00a0\u00bboff\u00a0\u00bb module_id=\u00a0\u00bbpac-services-slider\u00a0\u00bb _builder_version=\u00a0\u00bb4.16&Prime; _module_preset=\u00a0\u00bbdefault\u00a0\u00bb auto=\u00a0\u00bbon\u00a0\u00bb global_colors_info=\u00a0\u00bb{}\u00a0\u00bb][et_pb_slide heading=\u00a0\u00bbTout pour se sentir comme \u00e0 la maison !\u00a0\u00bb _builder_version=\u00a0\u00bb4.16&Prime; _module_preset=\u00a0\u00bbdefault\u00a0\u00bb background_enable_color=\u00a0\u00bboff\u00a0\u00bb background_image=\u00a0\u00bbhttps:\/\/www.provenceaucoeur-apparthotel.com\/wp-content\/uploads\/2021\/05\/web-2eme-etage-0004.jpg\u00a0\u00bb background_enable_image=\u00a0\u00bbon\u00a0\u00bb global_colors_info=\u00a0\u00bb{}\u00a0\u00bb sticky_transition=\u00a0\u00bbon\u00a0\u00bb][\/et_pb_slide][et_pb_slide heading=\u00a0\u00bbTout pour se sentir comme \u00e0 la maison !\u00a0\u00bb _builder_version=\u00a0\u00bb4.16&Prime; _module_preset=\u00a0\u00bbdefault\u00a0\u00bb background_enable_color=\u00a0\u00bboff\u00a0\u00bb background_image=\u00a0\u00bbhttps:\/\/www.provenceaucoeur-apparthotel.com\/wp-content\/uploads\/2021\/05\/web-2eme-etage-0007.jpg\u00a0\u00bb background_enable_image=\u00a0\u00bbon\u00a0\u00bb global_colors_info=\u00a0\u00bb{}\u00a0\u00bb sticky_transition=\u00a0\u00bbon\u00a0\u00bb][\/et_pb_slide][et_pb_slide heading=\u00a0\u00bbTout pour se sentir comme \u00e0 la maison !\u00a0\u00bb _builder_version=\u00a0\u00bb4.16&Prime; _module_preset=\u00a0\u00bbdefault\u00a0\u00bb background_enable_color=\u00a0\u00bboff\u00a0\u00bb background_image=\u00a0\u00bbhttps:\/\/www.provenceaucoeur-apparthotel.com\/wp-content\/uploads\/2021\/05\/web-2eme-etage-0009.jpg\u00a0\u00bb background_enable_image=\u00a0\u00bbon\u00a0\u00bb global_colors_info=\u00a0\u00bb{}\u00a0\u00bb sticky_transition=\u00a0\u00bbon\u00a0\u00bb][\/et_pb_slide][et_pb_slide heading=\u00a0\u00bbTout pour se sentir comme \u00e0 la maison !\u00a0\u00bb _builder_version=\u00a0\u00bb4.16&Prime; _module_preset=\u00a0\u00bbdefault\u00a0\u00bb background_enable_color=\u00a0\u00bboff\u00a0\u00bb background_image=\u00a0\u00bbhttps:\/\/www.provenceaucoeur-apparthotel.com\/wp-content\/uploads\/2021\/05\/web-2eme-etage-0011.jpg\u00a0\u00bb background_enable_image=\u00a0\u00bbon\u00a0\u00bb global_colors_info=\u00a0\u00bb{}\u00a0\u00bb sticky_transition=\u00a0\u00bbon\u00a0\u00bb][\/et_pb_slide][et_pb_slide heading=\u00a0\u00bbTout pour se sentir comme \u00e0 la maison !\u00a0\u00bb _builder_version=\u00a0\u00bb4.16&Prime; _module_preset=\u00a0\u00bbdefault\u00a0\u00bb background_enable_color=\u00a0\u00bboff\u00a0\u00bb background_image=\u00a0\u00bbhttps:\/\/www.provenceaucoeur-apparthotel.com\/wp-content\/uploads\/2021\/05\/web-2eme-etage-0014.jpg\u00a0\u00bb background_enable_image=\u00a0\u00bbon\u00a0\u00bb global_colors_info=\u00a0\u00bb{}\u00a0\u00bb sticky_transition=\u00a0\u00bbon\u00a0\u00bb][\/et_pb_slide][et_pb_slide heading=\u00a0\u00bbTout pour se sentir comme \u00e0 la maison !\u00a0\u00bb _builder_version=\u00a0\u00bb4.16&Prime; _module_preset=\u00a0\u00bbdefault\u00a0\u00bb background_enable_color=\u00a0\u00bboff\u00a0\u00bb background_image=\u00a0\u00bbhttps:\/\/www.provenceaucoeur-apparthotel.com\/wp-content\/uploads\/2021\/05\/web-2eme-etage-0017.jpg\u00a0\u00bb background_enable_image=\u00a0\u00bbon\u00a0\u00bb global_colors_info=\u00a0\u00bb{}\u00a0\u00bb sticky_transition=\u00a0\u00bbon\u00a0\u00bb][\/et_pb_slide][et_pb_slide heading=\u00a0\u00bbTout pour se sentir comme \u00e0 la maison !\u00a0\u00bb _builder_version=\u00a0\u00bb4.16&Prime; _module_preset=\u00a0\u00bbdefault\u00a0\u00bb background_enable_color=\u00a0\u00bboff\u00a0\u00bb background_image=\u00a0\u00bbhttps:\/\/www.provenceaucoeur-apparthotel.com\/wp-content\/uploads\/2021\/05\/web-3eme-etage-0003.jpg\u00a0\u00bb background_enable_image=\u00a0\u00bbon\u00a0\u00bb global_colors_info=\u00a0\u00bb{}\u00a0\u00bb sticky_transition=\u00a0\u00bbon\u00a0\u00bb][\/et_pb_slide][\/et_pb_fullwidth_slider][\/et_pb_section][et_pb_section fb_built=\u00a0\u00bb1&Prime; _builder_version=\u00a0\u00bb4.16&Prime; _module_preset=\u00a0\u00bbdefault\u00a0\u00bb global_colors_info=\u00a0\u00bb{}\u00a0\u00bb][et_pb_row _builder_version=\u00a0\u00bb4.16&Prime; _module_preset=\u00a0\u00bbdefault\u00a0\u00bb global_colors_info=\u00a0\u00bb{}\u00a0\u00bb][et_pb_column type=\u00a0\u00bb4_4&Prime; _builder_version=\u00a0\u00bb4.16&Prime; _module_preset=\u00a0\u00bbdefault\u00a0\u00bb global_colors_info=\u00a0\u00bb{}\u00a0\u00bb][et_pb_text admin_label=\u00a0\u00bbEn vacances, en d\u00e9placement&#8230;\u00a0\u00bb _builder_version=\u00a0\u00bb4.16&Prime; _module_preset=\u00a0\u00bbdefault\u00a0\u00bb global_colors_info=\u00a0\u00bb{}\u00a0\u00bb]<\/p>\n<p style=\"text-align: center;\">En vacances, en d\u00e9placement professionnel ou en t\u00e9l\u00e9travail, la nouveaut\u00e9 est appr\u00e9ciable, mais le confort reste une priorit\u00e9.<br \/>Les appart\u2019h\u00f4tels Provence Au C\u0153ur vous offrent la possibilit\u00e9 de vivre votre s\u00e9jour comme si vous \u00e9tiez chez vous, avec tout l\u2019\u00e9quipement et les services dont vous avez besoin pour en profiter sereinement.<\/p>\n<p style=\"text-align: center;\">Les locations Provence Au C\u0153ur ce sont\u00a0des <strong>logements pratiques et confortables<\/strong>\u00a0:<\/p>\n<p>[\/et_pb_text][\/et_pb_column][\/et_pb_row][et_pb_row column_structure=\u00a0\u00bb1_5,1_5,1_5,1_5,1_5&Prime; make_equal=\u00a0\u00bbon\u00a0\u00bb _builder_version=\u00a0\u00bb4.16&Prime; _module_preset=\u00a0\u00bbdefault\u00a0\u00bb global_colors_info=\u00a0\u00bb{}\u00a0\u00bb][et_pb_column type=\u00a0\u00bb1_5&Prime; _builder_version=\u00a0\u00bb4.16&Prime; _module_preset=\u00a0\u00bbdefault\u00a0\u00bb global_colors_info=\u00a0\u00bb{}\u00a0\u00bb][et_pb_text admin_label=\u00a0\u00bbAcc\u00e8s internet fibre tr\u00e8s haut d\u00e9bit et coin bureau \u00e9quip\u00e9\u00a0\u00bb _builder_version=\u00a0\u00bb4.16&Prime; _module_preset=\u00a0\u00bbdefault\u00a0\u00bb global_colors_info=\u00a0\u00bb{}\u00a0\u00bb]<\/p>\n<p style=\"text-align: center;\"><img decoding=\"async\" class=\"wp-image-311 alignnone size-full\" src=\"https:\/\/www.provenceaucoeur-apparthotel.com\/wp-content\/uploads\/2021\/05\/wifi-router.png\" alt=\"Wifi et fibre internet tr\u00e8s haut d\u00e9bit\" width=\"32\" height=\"32\" \/><\/p>\n<h3 style=\"text-align: center;\">Acc\u00e8s internet fibre tr\u00e8s haut d\u00e9bit et coin bureau \u00e9quip\u00e9<\/h3>\n<p>[\/et_pb_text][\/et_pb_column][et_pb_column type=\u00a0\u00bb1_5&Prime; _builder_version=\u00a0\u00bb4.16&Prime; _module_preset=\u00a0\u00bbdefault\u00a0\u00bb global_colors_info=\u00a0\u00bb{}\u00a0\u00bb][et_pb_text admin_label=\u00a0\u00bbT\u00e9l\u00e9vision \u00e9cran plat c\u00e2ble\/satellite &#038; smart TV\u00a0\u00bb _builder_version=\u00a0\u00bb4.16&Prime; _module_preset=\u00a0\u00bbdefault\u00a0\u00bb global_colors_info=\u00a0\u00bb{}\u00a0\u00bb]<\/p>\n<p style=\"text-align: center;\"><img decoding=\"async\" class=\"wp-image-308 alignnone size-full\" src=\"https:\/\/www.provenceaucoeur-apparthotel.com\/wp-content\/uploads\/2021\/05\/tv-monitor.png\" alt=\"TV \u00e9cran plan \u2013 C\u00e2ble\/satellite \u2013 smart TV\" width=\"32\" height=\"32\" \/><\/p>\n<h3 style=\"text-align: center;\">T\u00e9l\u00e9vision \u00e9cran plat c\u00e2ble\/satellite &amp; smart TV<\/h3>\n<p>[\/et_pb_text][\/et_pb_column][et_pb_column type=\u00a0\u00bb1_5&Prime; _builder_version=\u00a0\u00bb4.16&Prime; _module_preset=\u00a0\u00bbdefault\u00a0\u00bb global_colors_info=\u00a0\u00bb{}\u00a0\u00bb][et_pb_text admin_label=\u00a0\u00bbMobilier design tout confort \u00a0\u00bb _builder_version=\u00a0\u00bb4.16&Prime; _module_preset=\u00a0\u00bbdefault\u00a0\u00bb global_colors_info=\u00a0\u00bb{}\u00a0\u00bb]<\/p>\n<p style=\"text-align: center;\"><img decoding=\"async\" class=\"wp-image-465 alignnone size-full\" src=\"https:\/\/www.provenceaucoeur-apparthotel.com\/wp-content\/uploads\/2021\/05\/couch.png\" alt=\"Mobilier design tout confort\" width=\"32\" height=\"32\" \/><\/p>\n<h3 style=\"text-align: center;\">Mobilier design tout confort<\/h3>\n<p>[\/et_pb_text][\/et_pb_column][et_pb_column type=\u00a0\u00bb1_5&Prime; _builder_version=\u00a0\u00bb4.16&Prime; _module_preset=\u00a0\u00bbdefault\u00a0\u00bb global_colors_info=\u00a0\u00bb{}\u00a0\u00bb][et_pb_text admin_label=\u00a0\u00bbCuisine \u00e9quip\u00e9e avec votre petit-d\u00e9jeuner&#8230;\u00a0\u00bb _builder_version=\u00a0\u00bb4.27.4&Prime; _module_preset=\u00a0\u00bbdefault\u00a0\u00bb hover_enabled=\u00a0\u00bb0&Prime; global_colors_info=\u00a0\u00bb{}\u00a0\u00bb sticky_enabled=\u00a0\u00bb0&Prime;]<\/p>\n<p style=\"text-align: center;\"><img decoding=\"async\" class=\"wp-image-300 alignnone size-full\" src=\"https:\/\/www.provenceaucoeur-apparthotel.com\/wp-content\/uploads\/2021\/05\/kitchen.png\" alt=\"Cuisine \u00e9quip\u00e9e\" width=\"32\" height=\"32\" \/><\/p>\n<h3 style=\"text-align: center;\">Cuisine \u00e9quip\u00e9e avec un plateau de courtoisie qui vous attend dans le frigo pour le jour de votre arriv\u00e9e<\/h3>\n<p>[\/et_pb_text][\/et_pb_column][et_pb_column type=\u00a0\u00bb1_5&Prime; _builder_version=\u00a0\u00bb4.16&Prime; _module_preset=\u00a0\u00bbdefault\u00a0\u00bb global_colors_info=\u00a0\u00bb{}\u00a0\u00bb][et_pb_text admin_label=\u00a0\u00bbTout le n\u00e9cessaire disponible&#8230;\u00a0\u00bb _builder_version=\u00a0\u00bb4.16&Prime; _module_preset=\u00a0\u00bbdefault\u00a0\u00bb global_colors_info=\u00a0\u00bb{}\u00a0\u00bb]<\/p>\n<p style=\"text-align: center;\"><img decoding=\"async\" class=\"wp-image-471 alignnone size-full\" src=\"https:\/\/www.provenceaucoeur-apparthotel.com\/wp-content\/uploads\/2021\/05\/towel.png\" alt=\"Tout le n\u00e9cessaire disponible\u00a0: serviettes de toilette, draps, produits m\u00e9nagers, robot-aspirateur, lave-linge et s\u00e8che-linge, planche et fer \u00e0 repasser\u2026\" width=\"32\" height=\"32\" \/><\/p>\n<h3 style=\"text-align: center;\">Tout le n\u00e9cessaire disponible\u00a0: serviettes de toilette, draps, produits m\u00e9nagers, robot-aspirateur, lave-linge et s\u00e8che-linge, planche et fer \u00e0 repasser\u2026<\/h3>\n<p>[\/et_pb_text][\/et_pb_column][\/et_pb_row][et_pb_row column_structure=\u00a0\u00bb1_5,1_5,1_5,1_5,1_5&Prime; _builder_version=\u00a0\u00bb4.16&Prime; _module_preset=\u00a0\u00bbdefault\u00a0\u00bb global_colors_info=\u00a0\u00bb{}\u00a0\u00bb][et_pb_column type=\u00a0\u00bb1_5&Prime; _builder_version=\u00a0\u00bb4.16&Prime; _module_preset=\u00a0\u00bbdefault\u00a0\u00bb global_colors_info=\u00a0\u00bb{}\u00a0\u00bb][et_pb_text admin_label=\u00a0\u00bbClimatisation \/ chauffage\u00a0\u00bb _builder_version=\u00a0\u00bb4.16&Prime; _module_preset=\u00a0\u00bbdefault\u00a0\u00bb global_colors_info=\u00a0\u00bb{}\u00a0\u00bb]<\/p>\n<p style=\"text-align: center;\"><img decoding=\"async\" class=\"wp-image-315 alignnone size-full\" src=\"https:\/\/www.provenceaucoeur-apparthotel.com\/wp-content\/uploads\/2021\/05\/air-conditioner.png\" alt=\"Air conditionn\u00e9\" width=\"32\" height=\"32\" \/><\/p>\n<h3 style=\"text-align: center;\">Climatisation \/ chauffage<\/h3>\n<p>[\/et_pb_text][\/et_pb_column][et_pb_column type=\u00a0\u00bb1_5&Prime; _builder_version=\u00a0\u00bb4.16&Prime; _module_preset=\u00a0\u00bbdefault\u00a0\u00bb global_colors_info=\u00a0\u00bb{}\u00a0\u00bb][et_pb_text admin_label=\u00a0\u00bbChaise haute et lit parapluie sur demande\u00a0\u00bb _builder_version=\u00a0\u00bb4.16&Prime; _module_preset=\u00a0\u00bbdefault\u00a0\u00bb global_colors_info=\u00a0\u00bb{}\u00a0\u00bb]<\/p>\n<p style=\"text-align: center;\"><img decoding=\"async\" class=\"wp-image-477 alignnone size-full\" src=\"https:\/\/www.provenceaucoeur-apparthotel.com\/wp-content\/uploads\/2021\/05\/high-chair.png\" alt=\"Chaise haute et lit parapluie sur demande\" width=\"32\" height=\"32\" \/><\/p>\n<p style=\"text-align: center;\">Chaise haute et lit parapluie sur demande<\/p>\n<p>[\/et_pb_text][\/et_pb_column][et_pb_column type=\u00a0\u00bb1_5&Prime; _builder_version=\u00a0\u00bb4.16&Prime; _module_preset=\u00a0\u00bbdefault\u00a0\u00bb global_colors_info=\u00a0\u00bb{}\u00a0\u00bb][et_pb_text admin_label=\u00a0\u00bbAnimaux de compagnie accept\u00e9s si vous nous pr\u00e9venez\u00a0\u00bb _builder_version=\u00a0\u00bb4.16&Prime; _module_preset=\u00a0\u00bbdefault\u00a0\u00bb global_colors_info=\u00a0\u00bb{}\u00a0\u00bb]<\/p>\n<p style=\"text-align: center;\"><img decoding=\"async\" class=\"wp-image-480 alignnone size-full\" src=\"https:\/\/www.provenceaucoeur-apparthotel.com\/wp-content\/uploads\/2021\/05\/track.png\" alt=\"Animaux de compagnie accept\u00e9s si vous nous pr\u00e9venez\" width=\"32\" height=\"32\" \/><\/p>\n<h3 style=\"text-align: center;\">Animaux de compagnie accept\u00e9s si vous nous pr\u00e9venez<\/h3>\n<p>[\/et_pb_text][\/et_pb_column][et_pb_column type=\u00a0\u00bb1_5&Prime; _builder_version=\u00a0\u00bb4.16&Prime; _module_preset=\u00a0\u00bbdefault\u00a0\u00bb global_colors_info=\u00a0\u00bb{}\u00a0\u00bb][et_pb_text admin_label=\u00a0\u00bbParking public \u00e0 proximit\u00e9 pour profiter de la zone pi\u00e9tonne \u00a0\u00bb _builder_version=\u00a0\u00bb4.16&Prime; _module_preset=\u00a0\u00bbdefault\u00a0\u00bb global_colors_info=\u00a0\u00bb{}\u00a0\u00bb]<\/p>\n<p style=\"text-align: center;\"><img decoding=\"async\" class=\"wp-image-483 alignnone size-full\" src=\"https:\/\/www.provenceaucoeur-apparthotel.com\/wp-content\/uploads\/2021\/05\/parking-1.png\" alt=\"Parking public \u00e0 proximit\u00e9 pour profiter de la zone pi\u00e9tonne \" width=\"32\" height=\"32\" \/><\/p>\n<h3 style=\"text-align: center;\">Parking public \u00e0 proximit\u00e9 pour profiter de la zone pi\u00e9tonne<\/h3>\n<p>[\/et_pb_text][\/et_pb_column][et_pb_column type=\u00a0\u00bb1_5&Prime; _builder_version=\u00a0\u00bb4.16&Prime; _module_preset=\u00a0\u00bbdefault\u00a0\u00bb global_colors_info=\u00a0\u00bb{}\u00a0\u00bb][et_pb_text admin_label=\u00a0\u00bbCommerces de proximit\u00e9, caf\u00e9s et restaurants au pied de votre appartement\u00a0\u00bb _builder_version=\u00a0\u00bb4.16&Prime; _module_preset=\u00a0\u00bbdefault\u00a0\u00bb global_colors_info=\u00a0\u00bb{}\u00a0\u00bb]<\/p>\n<p style=\"text-align: center;\"><img decoding=\"async\" class=\"wp-image-487 alignnone size-full\" src=\"https:\/\/www.provenceaucoeur-apparthotel.com\/wp-content\/uploads\/2021\/05\/shop.png\" alt=\"Commerces de proximit\u00e9, caf\u00e9s et restaurants au pied de votre appartement\" width=\"32\" height=\"32\" \/><\/p>\n<h3 style=\"text-align: center;\">Commerces de proximit\u00e9, caf\u00e9s et restaurants au pied de votre appartement<\/h3>\n<p>[\/et_pb_text][\/et_pb_column][\/et_pb_row][et_pb_row _builder_version=\u00a0\u00bb4.16&Prime; _module_preset=\u00a0\u00bbdefault\u00a0\u00bb global_colors_info=\u00a0\u00bb{}\u00a0\u00bb][et_pb_column type=\u00a0\u00bb4_4&Prime; _builder_version=\u00a0\u00bb4.16&Prime; _module_preset=\u00a0\u00bbdefault\u00a0\u00bb global_colors_info=\u00a0\u00bb{}\u00a0\u00bb][et_pb_text admin_label=\u00a0\u00bbProfitez de votre s\u00e9jour en Provence sans vous soucier de rien !\u00a0\u00bb _builder_version=\u00a0\u00bb4.16&Prime; _module_preset=\u00a0\u00bbdefault\u00a0\u00bb global_colors_info=\u00a0\u00bb{}\u00a0\u00bb]<\/p>\n<p style=\"text-align: center;\"><strong>Profitez de votre s\u00e9jour en Provence sans vous soucier de rien\u00a0!<\/strong><\/p>\n<p>[\/et_pb_text][\/et_pb_column][\/et_pb_row][et_pb_row _builder_version=\u00a0\u00bb4.16&Prime; _module_preset=\u00a0\u00bbdefault\u00a0\u00bb global_colors_info=\u00a0\u00bb{}\u00a0\u00bb][et_pb_column type=\u00a0\u00bb4_4&Prime; _builder_version=\u00a0\u00bb4.16&Prime; _module_preset=\u00a0\u00bbdefault\u00a0\u00bb global_colors_info=\u00a0\u00bb{}\u00a0\u00bb][et_pb_text admin_label=\u00a0\u00bbVous serez au coeur de la Provence et repartirez avec la %22Provence au Coeur%22&Prime; _builder_version=\u00a0\u00bb4.16&Prime; _module_preset=\u00a0\u00bbdefault\u00a0\u00bb global_colors_info=\u00a0\u00bb{}\u00a0\u00bb]<\/p>\n<blockquote>\n<p style=\"text-align: center;\">Vous serez au coeur de la Provence<br \/>et repartirez avec la \u00ab\u00a0Provence au Coeur\u00a0\u00bb<\/p>\n<\/blockquote>\n<p>[\/et_pb_text][\/et_pb_column][\/et_pb_row][\/et_pb_section]<\/p>\n","protected":false},"excerpt":{"rendered":"<p>En vacances, en d\u00e9placement professionnel ou en t\u00e9l\u00e9travail, la nouveaut\u00e9 est appr\u00e9ciable, mais le confort reste une priorit\u00e9.Les appart\u2019h\u00f4tels Provence Au C\u0153ur vous offrent la possibilit\u00e9 de vivre votre s\u00e9jour comme si vous \u00e9tiez chez vous, avec tout l\u2019\u00e9quipement et les services dont vous avez besoin pour en profiter sereinement. Les locations Provence Au C\u0153ur [&hellip;]<\/p>\n","protected":false},"author":1,"featured_media":253,"parent":0,"menu_order":0,"comment_status":"closed","ping_status":"closed","template":"","meta":{"_et_pb_use_builder":"on","_et_pb_old_content":"","_et_gb_content_width":"","footnotes":""},"class_list":["post-437","page","type-page","status-publish","has-post-thumbnail","hentry"],"yoast_head":"<!-- This site is optimized with the Yoast SEO plugin v27.4 - https:\/\/yoast.com\/product\/yoast-seo-wordpress\/ -->\n<title>Services - Provence Au Coeur<\/title>\n<meta name=\"robots\" content=\"index, follow, max-snippet:-1, max-image-preview:large, max-video-preview:-1\" \/>\n<link rel=\"canonical\" href=\"https:\/\/www.provenceaucoeur-apparthotel.com\/index.php\/services\/\" \/>\n<meta property=\"og:locale\" content=\"fr_FR\" \/>\n<meta property=\"og:type\" content=\"article\" \/>\n<meta property=\"og:title\" content=\"Services - Provence Au Coeur\" \/>\n<meta property=\"og:description\" content=\"En vacances, en d\u00e9placement professionnel ou en t\u00e9l\u00e9travail, la nouveaut\u00e9 est appr\u00e9ciable, mais le confort reste une priorit\u00e9.Les appart\u2019h\u00f4tels Provence Au C\u0153ur vous offrent la possibilit\u00e9 de vivre votre s\u00e9jour comme si vous \u00e9tiez chez vous, avec tout l\u2019\u00e9quipement et les services dont vous avez besoin pour en profiter sereinement. Les locations Provence Au C\u0153ur [&hellip;]\" \/>\n<meta property=\"og:url\" content=\"https:\/\/www.provenceaucoeur-apparthotel.com\/index.php\/services\/\" \/>\n<meta property=\"og:site_name\" content=\"Provence Au Coeur\" \/>\n<meta property=\"article:modified_time\" content=\"2025-06-25T10:30:41+00:00\" \/>\n<meta property=\"og:image\" content=\"https:\/\/www.provenceaucoeur-apparthotel.com\/wp-content\/uploads\/2021\/05\/web-1er-etage-0009.jpg\" \/>\n\t<meta property=\"og:image:width\" content=\"1200\" \/>\n\t<meta property=\"og:image:height\" content=\"800\" \/>\n\t<meta property=\"og:image:type\" content=\"image\/jpeg\" \/>\n<meta name=\"twitter:card\" content=\"summary_large_image\" \/>\n<meta name=\"twitter:label1\" content=\"Dur\u00e9e de lecture estim\u00e9e\" \/>\n\t<meta name=\"twitter:data1\" content=\"4 minutes\" \/>\n<script type=\"application\/ld+json\" class=\"yoast-schema-graph\">{\"@context\":\"https:\\\/\\\/schema.org\",\"@graph\":[{\"@type\":\"WebPage\",\"@id\":\"https:\\\/\\\/www.provenceaucoeur-apparthotel.com\\\/index.php\\\/services\\\/\",\"url\":\"https:\\\/\\\/www.provenceaucoeur-apparthotel.com\\\/index.php\\\/services\\\/\",\"name\":\"Services - Provence Au Coeur\",\"isPartOf\":{\"@id\":\"https:\\\/\\\/www.provenceaucoeur-apparthotel.com\\\/#website\"},\"primaryImageOfPage\":{\"@id\":\"https:\\\/\\\/www.provenceaucoeur-apparthotel.com\\\/index.php\\\/services\\\/#primaryimage\"},\"image\":{\"@id\":\"https:\\\/\\\/www.provenceaucoeur-apparthotel.com\\\/index.php\\\/services\\\/#primaryimage\"},\"thumbnailUrl\":\"https:\\\/\\\/www.provenceaucoeur-apparthotel.com\\\/wp-content\\\/uploads\\\/2021\\\/05\\\/web-1er-etage-0009.jpg\",\"datePublished\":\"2021-05-16T09:38:31+00:00\",\"dateModified\":\"2025-06-25T10:30:41+00:00\",\"breadcrumb\":{\"@id\":\"https:\\\/\\\/www.provenceaucoeur-apparthotel.com\\\/index.php\\\/services\\\/#breadcrumb\"},\"inLanguage\":\"fr-FR\",\"potentialAction\":[{\"@type\":\"ReadAction\",\"target\":[\"https:\\\/\\\/www.provenceaucoeur-apparthotel.com\\\/index.php\\\/services\\\/\"]}]},{\"@type\":\"ImageObject\",\"inLanguage\":\"fr-FR\",\"@id\":\"https:\\\/\\\/www.provenceaucoeur-apparthotel.com\\\/index.php\\\/services\\\/#primaryimage\",\"url\":\"https:\\\/\\\/www.provenceaucoeur-apparthotel.com\\\/wp-content\\\/uploads\\\/2021\\\/05\\\/web-1er-etage-0009.jpg\",\"contentUrl\":\"https:\\\/\\\/www.provenceaucoeur-apparthotel.com\\\/wp-content\\\/uploads\\\/2021\\\/05\\\/web-1er-etage-0009.jpg\",\"width\":1200,\"height\":800,\"caption\":\"Balcon - petit d\u00e9jeuner avec vue sur la place Saint Michel Forcalquier\"},{\"@type\":\"BreadcrumbList\",\"@id\":\"https:\\\/\\\/www.provenceaucoeur-apparthotel.com\\\/index.php\\\/services\\\/#breadcrumb\",\"itemListElement\":[{\"@type\":\"ListItem\",\"position\":1,\"name\":\"Accueil\",\"item\":\"https:\\\/\\\/www.provenceaucoeur-apparthotel.com\\\/\"},{\"@type\":\"ListItem\",\"position\":2,\"name\":\"Services\"}]},{\"@type\":\"WebSite\",\"@id\":\"https:\\\/\\\/www.provenceaucoeur-apparthotel.com\\\/#website\",\"url\":\"https:\\\/\\\/www.provenceaucoeur-apparthotel.com\\\/\",\"name\":\"Provence Au Coeur\",\"description\":\"Appart H\u00f4tels au coeur de la Provence\",\"publisher\":{\"@id\":\"https:\\\/\\\/www.provenceaucoeur-apparthotel.com\\\/#organization\"},\"potentialAction\":[{\"@type\":\"SearchAction\",\"target\":{\"@type\":\"EntryPoint\",\"urlTemplate\":\"https:\\\/\\\/www.provenceaucoeur-apparthotel.com\\\/?s={search_term_string}\"},\"query-input\":{\"@type\":\"PropertyValueSpecification\",\"valueRequired\":true,\"valueName\":\"search_term_string\"}}],\"inLanguage\":\"fr-FR\"},{\"@type\":\"Organization\",\"@id\":\"https:\\\/\\\/www.provenceaucoeur-apparthotel.com\\\/#organization\",\"name\":\"Provence Au Coeur\",\"url\":\"https:\\\/\\\/www.provenceaucoeur-apparthotel.com\\\/\",\"logo\":{\"@type\":\"ImageObject\",\"inLanguage\":\"fr-FR\",\"@id\":\"https:\\\/\\\/www.provenceaucoeur-apparthotel.com\\\/#\\\/schema\\\/logo\\\/image\\\/\",\"url\":\"https:\\\/\\\/www.provenceaucoeur-apparthotel.com\\\/wp-content\\\/uploads\\\/2023\\\/05\\\/provence-au-coeur.png\",\"contentUrl\":\"https:\\\/\\\/www.provenceaucoeur-apparthotel.com\\\/wp-content\\\/uploads\\\/2023\\\/05\\\/provence-au-coeur.png\",\"width\":357,\"height\":108,\"caption\":\"Provence Au Coeur\"},\"image\":{\"@id\":\"https:\\\/\\\/www.provenceaucoeur-apparthotel.com\\\/#\\\/schema\\\/logo\\\/image\\\/\"}}]}<\/script>\n<!-- \/ Yoast SEO plugin. -->","yoast_head_json":{"title":"Services - Provence Au Coeur","robots":{"index":"index","follow":"follow","max-snippet":"max-snippet:-1","max-image-preview":"max-image-preview:large","max-video-preview":"max-video-preview:-1"},"canonical":"https:\/\/www.provenceaucoeur-apparthotel.com\/index.php\/services\/","og_locale":"fr_FR","og_type":"article","og_title":"Services - Provence Au Coeur","og_description":"En vacances, en d\u00e9placement professionnel ou en t\u00e9l\u00e9travail, la nouveaut\u00e9 est appr\u00e9ciable, mais le confort reste une priorit\u00e9.Les appart\u2019h\u00f4tels Provence Au C\u0153ur vous offrent la possibilit\u00e9 de vivre votre s\u00e9jour comme si vous \u00e9tiez chez vous, avec tout l\u2019\u00e9quipement et les services dont vous avez besoin pour en profiter sereinement. Les locations Provence Au C\u0153ur [&hellip;]","og_url":"https:\/\/www.provenceaucoeur-apparthotel.com\/index.php\/services\/","og_site_name":"Provence Au Coeur","article_modified_time":"2025-06-25T10:30:41+00:00","og_image":[{"width":1200,"height":800,"url":"https:\/\/www.provenceaucoeur-apparthotel.com\/wp-content\/uploads\/2021\/05\/web-1er-etage-0009.jpg","type":"image\/jpeg"}],"twitter_card":"summary_large_image","twitter_misc":{"Dur\u00e9e de lecture estim\u00e9e":"4 minutes"},"schema":{"@context":"https:\/\/schema.org","@graph":[{"@type":"WebPage","@id":"https:\/\/www.provenceaucoeur-apparthotel.com\/index.php\/services\/","url":"https:\/\/www.provenceaucoeur-apparthotel.com\/index.php\/services\/","name":"Services - Provence Au Coeur","isPartOf":{"@id":"https:\/\/www.provenceaucoeur-apparthotel.com\/#website"},"primaryImageOfPage":{"@id":"https:\/\/www.provenceaucoeur-apparthotel.com\/index.php\/services\/#primaryimage"},"image":{"@id":"https:\/\/www.provenceaucoeur-apparthotel.com\/index.php\/services\/#primaryimage"},"thumbnailUrl":"https:\/\/www.provenceaucoeur-apparthotel.com\/wp-content\/uploads\/2021\/05\/web-1er-etage-0009.jpg","datePublished":"2021-05-16T09:38:31+00:00","dateModified":"2025-06-25T10:30:41+00:00","breadcrumb":{"@id":"https:\/\/www.provenceaucoeur-apparthotel.com\/index.php\/services\/#breadcrumb"},"inLanguage":"fr-FR","potentialAction":[{"@type":"ReadAction","target":["https:\/\/www.provenceaucoeur-apparthotel.com\/index.php\/services\/"]}]},{"@type":"ImageObject","inLanguage":"fr-FR","@id":"https:\/\/www.provenceaucoeur-apparthotel.com\/index.php\/services\/#primaryimage","url":"https:\/\/www.provenceaucoeur-apparthotel.com\/wp-content\/uploads\/2021\/05\/web-1er-etage-0009.jpg","contentUrl":"https:\/\/www.provenceaucoeur-apparthotel.com\/wp-content\/uploads\/2021\/05\/web-1er-etage-0009.jpg","width":1200,"height":800,"caption":"Balcon - petit d\u00e9jeuner avec vue sur la place Saint Michel Forcalquier"},{"@type":"BreadcrumbList","@id":"https:\/\/www.provenceaucoeur-apparthotel.com\/index.php\/services\/#breadcrumb","itemListElement":[{"@type":"ListItem","position":1,"name":"Accueil","item":"https:\/\/www.provenceaucoeur-apparthotel.com\/"},{"@type":"ListItem","position":2,"name":"Services"}]},{"@type":"WebSite","@id":"https:\/\/www.provenceaucoeur-apparthotel.com\/#website","url":"https:\/\/www.provenceaucoeur-apparthotel.com\/","name":"Provence Au Coeur","description":"Appart H\u00f4tels au coeur de la Provence","publisher":{"@id":"https:\/\/www.provenceaucoeur-apparthotel.com\/#organization"},"potentialAction":[{"@type":"SearchAction","target":{"@type":"EntryPoint","urlTemplate":"https:\/\/www.provenceaucoeur-apparthotel.com\/?s={search_term_string}"},"query-input":{"@type":"PropertyValueSpecification","valueRequired":true,"valueName":"search_term_string"}}],"inLanguage":"fr-FR"},{"@type":"Organization","@id":"https:\/\/www.provenceaucoeur-apparthotel.com\/#organization","name":"Provence Au Coeur","url":"https:\/\/www.provenceaucoeur-apparthotel.com\/","logo":{"@type":"ImageObject","inLanguage":"fr-FR","@id":"https:\/\/www.provenceaucoeur-apparthotel.com\/#\/schema\/logo\/image\/","url":"https:\/\/www.provenceaucoeur-apparthotel.com\/wp-content\/uploads\/2023\/05\/provence-au-coeur.png","contentUrl":"https:\/\/www.provenceaucoeur-apparthotel.com\/wp-content\/uploads\/2023\/05\/provence-au-coeur.png","width":357,"height":108,"caption":"Provence Au Coeur"},"image":{"@id":"https:\/\/www.provenceaucoeur-apparthotel.com\/#\/schema\/logo\/image\/"}}]}},"_links":{"self":[{"href":"https:\/\/www.provenceaucoeur-apparthotel.com\/index.php\/wp-json\/wp\/v2\/pages\/437","targetHints":{"allow":["GET"]}}],"collection":[{"href":"https:\/\/www.provenceaucoeur-apparthotel.com\/index.php\/wp-json\/wp\/v2\/pages"}],"about":[{"href":"https:\/\/www.provenceaucoeur-apparthotel.com\/index.php\/wp-json\/wp\/v2\/types\/page"}],"author":[{"embeddable":true,"href":"https:\/\/www.provenceaucoeur-apparthotel.com\/index.php\/wp-json\/wp\/v2\/users\/1"}],"replies":[{"embeddable":true,"href":"https:\/\/www.provenceaucoeur-apparthotel.com\/index.php\/wp-json\/wp\/v2\/comments?post=437"}],"version-history":[{"count":5,"href":"https:\/\/www.provenceaucoeur-apparthotel.com\/index.php\/wp-json\/wp\/v2\/pages\/437\/revisions"}],"predecessor-version":[{"id":760,"href":"https:\/\/www.provenceaucoeur-apparthotel.com\/index.php\/wp-json\/wp\/v2\/pages\/437\/revisions\/760"}],"wp:featuredmedia":[{"embeddable":true,"href":"https:\/\/www.provenceaucoeur-apparthotel.com\/index.php\/wp-json\/wp\/v2\/media\/253"}],"wp:attachment":[{"href":"https:\/\/www.provenceaucoeur-apparthotel.com\/index.php\/wp-json\/wp\/v2\/media?parent=437"}],"curies":[{"name":"wp","href":"https:\/\/api.w.org\/{rel}","templated":true}]}}